{"id":4183,"date":"2024-06-07T20:50:08","date_gmt":"2024-06-08T01:50:08","guid":{"rendered":"https:\/\/pedagogicolasalleurubamba.edu.pe\/salle\/?page_id=4183"},"modified":"2024-09-30T12:07:27","modified_gmt":"2024-09-30T17:07:27","slug":"formacion-en-servicio","status":"publish","type":"page","link":"https:\/\/pedagogicolasalleurubamba.edu.pe\/salle\/admision\/formacion-en-servicio\/","title":{"rendered":"Formaci\u00f3n en Servicio"},"content":{"rendered":"\t\t<div data-elementor-type=\"wp-page\" data-elementor-id=\"4183\" class=\"elementor elementor-4183\">\n\t\t\t\t\t\t<section class=\"elementor-section elementor-top-section elementor-element elementor-element-289db76 elementor-section-boxed elementor-section-height-default elementor-section-height-default\" data-id=\"289db76\" data-element_type=\"section\">\n\t\t\t\t\t\t<div class=\"elementor-container elementor-column-gap-default\">\n\t\t\t\t\t<div class=\"elementor-column elementor-col-33 elementor-top-column elementor-element elementor-element-31cc812\" data-id=\"31cc812\" data-element_type=\"column\">\n\t\t\t<div class=\"elementor-widget-wrap elementor-element-populated\">\n\t\t\t\t\t\t<div class=\"elementor-element elementor-element-9c9172f elementor-widget elementor-widget-image-gallery\" data-id=\"9c9172f\" data-element_type=\"widget\" data-widget_type=\"image-gallery.default\">\n\t\t\t\t<div class=\"elementor-widget-container\">\n\t\t\t\t\t\t\t<div class=\"elementor-image-gallery\">\n\t\t\t\n\t\t<style type=\"text\/css\">\n\t\t\t#gallery-1 {\n\t\t\t\tmargin: auto;\n\t\t\t}\n\t\t\t#gallery-1 .gallery-item {\n\t\t\t\tfloat: left;\n\t\t\t\tmargin-top: 10px;\n\t\t\t\ttext-align: center;\n\t\t\t\twidth: 100%;\n\t\t\t}\n\t\t\t#gallery-1 img {\n\t\t\t\tborder: 2px solid #cfcfcf;\n\t\t\t}\n\t\t\t#gallery-1 .gallery-caption {\n\t\t\t\tmargin-left: 0;\n\t\t\t}\n\t\t\t\/* see gallery_shortcode() in wp-includes\/media.php *\/\n\t\t<\/style>\n\t\t<div id='gallery-1' class='gallery galleryid-4183 gallery-columns-1 gallery-size-medium_large'><dl class='gallery-item'>\n\t\t\t<dt class='gallery-icon portrait'>\n\t\t\t\t<a data-elementor-open-lightbox=\"yes\" data-elementor-lightbox-slideshow=\"9c9172f\" data-elementor-lightbox-title=\"Educaci\u00f3n Inicial EIB_001\" data-e-action-hash=\"#elementor-action%3Aaction%3Dlightbox%26settings%3DeyJpZCI6NDUwMywidXJsIjoiaHR0cHM6XC9cL3BlZGFnb2dpY29sYXNhbGxldXJ1YmFtYmEuZWR1LnBlXC9zYWxsZVwvd3AtY29udGVudFwvdXBsb2Fkc1wvMjAyNFwvMDlcL0VkdWNhY2lvbi1JbmljaWFsLUVJQl8wMDEucG5nIiwic2xpZGVzaG93IjoiOWM5MTcyZiJ9\" href='https:\/\/pedagogicolasalleurubamba.edu.pe\/salle\/wp-content\/uploads\/2024\/09\/Educacion-Inicial-EIB_001.png'><img fetchpriority=\"high\" decoding=\"async\" width=\"528\" height=\"734\" src=\"https:\/\/pedagogicolasalleurubamba.edu.pe\/salle\/wp-content\/uploads\/2024\/09\/Educacion-Inicial-EIB_001.png\" class=\"attachment-medium_large size-medium_large\" alt=\"\" srcset=\"https:\/\/pedagogicolasalleurubamba.edu.pe\/salle\/wp-content\/uploads\/2024\/09\/Educacion-Inicial-EIB_001.png 528w, https:\/\/pedagogicolasalleurubamba.edu.pe\/salle\/wp-content\/uploads\/2024\/09\/Educacion-Inicial-EIB_001-216x300.png 216w\" sizes=\"(max-width: 528px) 100vw, 528px\" \/><\/a>\n\t\t\t<\/dt><\/dl><br style=\"clear: both\" \/>\n\t\t<\/div>\n\t\t<\/div>\n\t\t\t\t\t\t<\/div>\n\t\t\t\t<\/div>\n\t\t\t\t\t<\/div>\n\t\t<\/div>\n\t\t\t\t<div class=\"elementor-column elementor-col-33 elementor-top-column elementor-element elementor-element-5faa528\" data-id=\"5faa528\" data-element_type=\"column\">\n\t\t\t<div class=\"elementor-widget-wrap elementor-element-populated\">\n\t\t\t\t\t\t<div class=\"elementor-element elementor-element-c7caa7f elementor-widget elementor-widget-heading\" data-id=\"c7caa7f\" data-element_type=\"widget\" data-widget_type=\"heading.default\">\n\t\t\t\t<div class=\"elementor-widget-container\">\n\t\t\t\t\t<h2 class=\"elementor-heading-title elementor-size-default\">PROGRAMA DE PROFESIONALIZACI\u00d3N DOCENTE 2024  - I<br>\n\nResultados Examen de admisi\u00f3n<br> Educaci\u00f3n Inicial EIB\n\nEducaci\u00f3n Inicial EIBecera<\/h2>\t\t\t\t<\/div>\n\t\t\t\t<\/div>\n\t\t\t\t\t<\/div>\n\t\t<\/div>\n\t\t\t\t<div class=\"elementor-column elementor-col-33 elementor-top-column elementor-element elementor-element-6af571b\" data-id=\"6af571b\" data-element_type=\"column\">\n\t\t\t<div class=\"elementor-widget-wrap elementor-element-populated\">\n\t\t\t\t\t\t<div class=\"elementor-element elementor-element-417a08d elementor-widget elementor-widget-image-gallery\" data-id=\"417a08d\" data-element_type=\"widget\" data-widget_type=\"image-gallery.default\">\n\t\t\t\t<div class=\"elementor-widget-container\">\n\t\t\t\t\t\t\t<div class=\"elementor-image-gallery\">\n\t\t\t\n\t\t<style type=\"text\/css\">\n\t\t\t#gallery-2 {\n\t\t\t\tmargin: auto;\n\t\t\t}\n\t\t\t#gallery-2 .gallery-item {\n\t\t\t\tfloat: left;\n\t\t\t\tmargin-top: 10px;\n\t\t\t\ttext-align: center;\n\t\t\t\twidth: 100%;\n\t\t\t}\n\t\t\t#gallery-2 img {\n\t\t\t\tborder: 2px solid #cfcfcf;\n\t\t\t}\n\t\t\t#gallery-2 .gallery-caption {\n\t\t\t\tmargin-left: 0;\n\t\t\t}\n\t\t\t\/* see gallery_shortcode() in wp-includes\/media.php *\/\n\t\t<\/style>\n\t\t<div id='gallery-2' class='gallery galleryid-4183 gallery-columns-1 gallery-size-medium_large'><dl class='gallery-item'>\n\t\t\t<dt class='gallery-icon portrait'>\n\t\t\t\t<a data-elementor-open-lightbox=\"yes\" data-elementor-lightbox-slideshow=\"417a08d\" data-elementor-lightbox-title=\"Educaci\u00f3n fisica_001\" data-e-action-hash=\"#elementor-action%3Aaction%3Dlightbox%26settings%3DeyJpZCI6NDUwMiwidXJsIjoiaHR0cHM6XC9cL3BlZGFnb2dpY29sYXNhbGxldXJ1YmFtYmEuZWR1LnBlXC9zYWxsZVwvd3AtY29udGVudFwvdXBsb2Fkc1wvMjAyNFwvMDlcL0VkdWNhY2lvbi1maXNpY2FfMDAxLnBuZyIsInNsaWRlc2hvdyI6IjQxN2EwOGQifQ%3D%3D\" href='https:\/\/pedagogicolasalleurubamba.edu.pe\/salle\/wp-content\/uploads\/2024\/09\/Educacion-fisica_001.png'><img decoding=\"async\" width=\"473\" height=\"687\" src=\"https:\/\/pedagogicolasalleurubamba.edu.pe\/salle\/wp-content\/uploads\/2024\/09\/Educacion-fisica_001.png\" class=\"attachment-medium_large size-medium_large\" alt=\"\" srcset=\"https:\/\/pedagogicolasalleurubamba.edu.pe\/salle\/wp-content\/uploads\/2024\/09\/Educacion-fisica_001.png 473w, https:\/\/pedagogicolasalleurubamba.edu.pe\/salle\/wp-content\/uploads\/2024\/09\/Educacion-fisica_001-207x300.png 207w\" sizes=\"(max-width: 473px) 100vw, 473px\" \/><\/a>\n\t\t\t<\/dt><\/dl><br style=\"clear: both\" \/>\n\t\t<\/div>\n\t\t<\/div>\n\t\t\t\t\t\t<\/div>\n\t\t\t\t<\/div>\n\t\t\t\t\t<\/div>\n\t\t<\/div>\n\t\t\t\t\t<\/div>\n\t\t<\/section>\n\t\t\t\t<section class=\"elementor-section elementor-top-section elementor-element elementor-element-a3b7b4f elementor-section-boxed elementor-section-height-default elementor-section-height-default\" data-id=\"a3b7b4f\" data-element_type=\"section\">\n\t\t\t\t\t\t<div class=\"elementor-container elementor-column-gap-default\">\n\t\t\t\t\t<div class=\"elementor-column elementor-col-100 elementor-top-column elementor-element elementor-element-9d069ef\" data-id=\"9d069ef\" data-element_type=\"column\">\n\t\t\t<div class=\"elementor-widget-wrap\">\n\t\t\t\t\t\t\t<\/div>\n\t\t<\/div>\n\t\t\t\t\t<\/div>\n\t\t<\/section>\n\t\t\t\t<\/div>\n\t\t","protected":false},"excerpt":{"rendered":"<p class=\"tx-excerpt\">PROGRAMA DE PROFESIONALIZACI\u00d3N DOCENTE 2024 &#8211; I Resultados Examen de admisi\u00f3n Educaci\u00f3n Inicial EIB Educaci\u00f3n Inicial EIBecera<\/p><div class=\"tx-read-more\"><a href=\"https:\/\/pedagogicolasalleurubamba.edu.pe\/salle\/admision\/formacion-en-servicio\/\">Seguir Leyendo<\/a><\/div>","protected":false},"author":2,"featured_media":0,"parent":880,"menu_order":0,"comment_status":"closed","ping_status":"closed","template":"","meta":{"footnotes":""},"class_list":["post-4183","page","type-page","status-publish","hentry"],"_links":{"self":[{"href":"https:\/\/pedagogicolasalleurubamba.edu.pe\/salle\/wp-json\/wp\/v2\/pages\/4183","targetHints":{"allow":["GET"]}}],"collection":[{"href":"https:\/\/pedagogicolasalleurubamba.edu.pe\/salle\/wp-json\/wp\/v2\/pages"}],"about":[{"href":"https:\/\/pedagogicolasalleurubamba.edu.pe\/salle\/wp-json\/wp\/v2\/types\/page"}],"author":[{"embeddable":true,"href":"https:\/\/pedagogicolasalleurubamba.edu.pe\/salle\/wp-json\/wp\/v2\/users\/2"}],"replies":[{"embeddable":true,"href":"https:\/\/pedagogicolasalleurubamba.edu.pe\/salle\/wp-json\/wp\/v2\/comments?post=4183"}],"version-history":[{"count":11,"href":"https:\/\/pedagogicolasalleurubamba.edu.pe\/salle\/wp-json\/wp\/v2\/pages\/4183\/revisions"}],"predecessor-version":[{"id":4515,"href":"https:\/\/pedagogicolasalleurubamba.edu.pe\/salle\/wp-json\/wp\/v2\/pages\/4183\/revisions\/4515"}],"up":[{"embeddable":true,"href":"https:\/\/pedagogicolasalleurubamba.edu.pe\/salle\/wp-json\/wp\/v2\/pages\/880"}],"wp:attachment":[{"href":"https:\/\/pedagogicolasalleurubamba.edu.pe\/salle\/wp-json\/wp\/v2\/media?parent=4183"}],"curies":[{"name":"wp","href":"https:\/\/api.w.org\/{rel}","templated":true}]}}