{"id":4986,"date":"2025-09-28T17:59:14","date_gmt":"2025-09-28T22:59:14","guid":{"rendered":"https:\/\/pedagogicolasalleurubamba.edu.pe\/salle\/?page_id=4986"},"modified":"2025-09-28T18:15:08","modified_gmt":"2025-09-28T23:15:08","slug":"unidad-academica","status":"publish","type":"page","link":"https:\/\/pedagogicolasalleurubamba.edu.pe\/salle\/unidad-academica\/","title":{"rendered":"Unidad Acad\u00e9mica"},"content":{"rendered":"\t\t<div data-elementor-type=\"wp-page\" data-elementor-id=\"4986\" class=\"elementor elementor-4986\">\n\t\t\t\t\t\t<section class=\"elementor-section elementor-top-section elementor-element elementor-element-1624f50 elementor-section-boxed elementor-section-height-default elementor-section-height-default\" data-id=\"1624f50\" data-element_type=\"section\">\n\t\t\t\t\t\t<div class=\"elementor-container elementor-column-gap-default\">\n\t\t\t\t\t<div class=\"elementor-column elementor-col-100 elementor-top-column elementor-element elementor-element-8c6eff6\" data-id=\"8c6eff6\" data-element_type=\"column\">\n\t\t\t<div class=\"elementor-widget-wrap elementor-element-populated\">\n\t\t\t\t\t\t<div class=\"elementor-element elementor-element-27e3337 elementor-widget elementor-widget-heading\" data-id=\"27e3337\" data-element_type=\"widget\" data-widget_type=\"heading.default\">\n\t\t\t\t<div class=\"elementor-widget-container\">\n\t\t\t\t\t<h2 class=\"elementor-heading-title elementor-size-default\">Unidad Academica<\/h2>\t\t\t\t<\/div>\n\t\t\t\t<\/div>\n\t\t\t\t<div class=\"elementor-element elementor-element-3bc176c elementor-widget elementor-widget-text-editor\" data-id=\"3bc176c\" data-element_type=\"widget\" data-widget_type=\"text-editor.default\">\n\t\t\t\t<div class=\"elementor-widget-container\">\n\t\t\t\t\t\t\t\t\t<p>la Unidad Acad\u00e9mica, es propuesto por la Congregaci\u00f3n de La Salle. Depende del Director General y tienen bajo su responsabilidad la coordinaci\u00f3n y supervisi\u00f3n acad\u00e9mica juntamente con los jefes de los Programas de Estudio La EESPP La Salle.<\/p><p>Es responsable de planificar, supervisar y evaluar el desarrollo de las actividades acad\u00e9micas. Est\u00e1 conformada por \u00c1reas Acad\u00e9micas responsables de las actividades propias de los programas de estudios conducentes a la obtenci\u00f3n de un t\u00edtulo. En el caso de las EESPP, est\u00e1 conformada, adem\u00e1s, por \u00e1reas responsables de asegurar y supervisar el desarrollo de la pr\u00e1ctica y la investigaci\u00f3n. Depende de la Direcci\u00f3n General.<\/p>\t\t\t\t\t\t\t\t<\/div>\n\t\t\t\t<\/div>\n\t\t\t\t<div class=\"elementor-element elementor-element-b040a16 elementor-widget elementor-widget-heading\" data-id=\"b040a16\" data-element_type=\"widget\" data-widget_type=\"heading.default\">\n\t\t\t\t<div class=\"elementor-widget-container\">\n\t\t\t\t\t<h2 class=\"elementor-heading-title elementor-size-default\">Funciones de la Unidad Acad\u00e9mica<\/h2>\t\t\t\t<\/div>\n\t\t\t\t<\/div>\n\t\t\t\t<div class=\"elementor-element elementor-element-fc7cc13 elementor-widget elementor-widget-text-editor\" data-id=\"fc7cc13\" data-element_type=\"widget\" data-widget_type=\"text-editor.default\">\n\t\t\t\t<div class=\"elementor-widget-container\">\n\t\t\t\t\t\t\t\t\t<ul><li>Planificar la actividad acad\u00e9mica, adecuando lo dispuesto en los dise\u00f1os curriculares b\u00e1sicos nacionales.<\/li><li>Organizar las actividades acad\u00e9micas:\u00a0 recursos, contenidos, metodolog\u00edas, asignaci\u00f3n de responsabilidades.<\/li><li>Organizar las pr\u00e1cticas pre-profesionales de acuerdo al nivel de estudio.<\/li><li>Supervisar el desarrollo, de acuerdo a lo programado, de las actividades acad\u00e9micas. Evaluar los programas formativos, incluyendo sus recursos, procesos y resultados.<\/li><li>Gestionar el registro de informaci\u00f3n en el SIA.<\/li><li>Proponer a la Direcci\u00f3n General las pol\u00edticas institucionales en materia de formaci\u00f3n<br \/>profesional docente.<\/li><li>Dirigir la planificaci\u00f3n curricular, su experimentaci\u00f3n y mejoramiento permanente.<\/li><li>Elaborar el Plan Anual de la Unidad Acad\u00e9mica e integrar los planes y programas de las \u00e1reas a su cargo.<\/li><li>Coordinar y supervisar las labores encomendadas al \u00c1rea de Evaluaci\u00f3n y Registro<br \/>Acad\u00e9mico.<\/li><li>Coordinar con el \/ la director de la Instituci\u00f3n Educativa de Aplicaci\u00f3n de la EESPP la Salle, las actividades acad\u00e9micas correspondientes.<\/li><li>Formular el Plan de Monitoreo, Evaluaci\u00f3n y Gesti\u00f3n Acad\u00e9mica del Curr\u00edculo y realizar<br \/>su seguimiento de acuerdo al PCI<\/li><li>Participar en los diversos procesos de selecci\u00f3n de personal docente, seg\u00fan corresponda.<\/li><li>Presidir las Comisiones de Horarios, Distribuci\u00f3n del trabajo acad\u00e9mico de los docentes y el proceso de Admisi\u00f3n.<\/li><li>Conducir procesos de Evaluaci\u00f3n de los docentes (Autoevaluaci\u00f3n, Coevaluaci\u00f3n y<br \/>Heteroevaluaci\u00f3n).<\/li><li>Proponer el Plan de Evaluaci\u00f3n de los aprendizajes en coordinaci\u00f3n con el \u00c1rea de<br \/>Evaluaci\u00f3n y Registro Acad\u00e9mico.<\/li><li>Emitir opini\u00f3n e informe sobre expedientes relacionados con asuntos acad\u00e9micos.<\/li><li>Apoyar la ejecuci\u00f3n de programas, proyectos y convenios a cargo de la EESPP<\/li><li>Participar de la aprobaci\u00f3n de convenios y proyectos de la EESPP en coordinaci\u00f3n con<br \/>la Direcci\u00f3n y las Unidades correspondientes.<\/li><li>Elaborar y presentar a la Direcci\u00f3n General el informe anual de su gesti\u00f3n en el \u00e1rea<br \/>pedag\u00f3gica.<\/li><li>Expedir resoluciones jefaturales de su competencia.<\/li><li>Genera espacios dentro del horario de trabajo para garantizar reuniones de coordinaci\u00f3n entre la unidad de investigaci\u00f3n e innovaci\u00f3n y coordinador de practica e investigaci\u00f3n y los docentes practica e investigaci\u00f3n.<\/li><li>Orientar y velar por el cumplimiento de los lineamientos de \u00e1rea de investigaci\u00f3n e innovaci\u00f3n, planteadas por el ministerio de educaci\u00f3n por medio de los DCBNs de todos los programas de estudio que ofrece la EESPP \u201cLa Salle\u201d.<\/li><li>Brindar retroalimentaci\u00f3n al jefe de la Unidad de investigaci\u00f3n e innovaci\u00f3n y al coordinador del \u00e1rea de Practica e investigaci\u00f3n sobre el cumplimiento de sus roles y funciones.<\/li><li>Registra los proyectos de investigaci\u00f3n de cada ciclo y programas de estudio (con fines o sin fines de tesis), conjuntamente con el jefe de la Unidad de investigaci\u00f3n e innovaci\u00f3n, coordinador del \u00e1rea de Practica e investigaci\u00f3n y docentes de \u00e1rea de pr\u00e1ctica e investigaci\u00f3n, considerando los lineamientos de investigaci\u00f3n e innovaci\u00f3n establecidos en PEI, RI, PCI y reglamento de investigaci\u00f3n e innovaci\u00f3n.<\/li><li>Evaluar la aplicaci\u00f3n de las pol\u00edticas y lineamientos de investigaci\u00f3n en \u00e1rea de pr\u00e1ctica e investigaci\u00f3n planteada por el Ministerio de Educaci\u00f3n mediante el DCBN de cada programa de estudio de la EESPP \u201cLa Salle\u201d.<\/li><li>Realiza seguimiento a los grupos de docentes y estudiantes investigadores e innovadores (con fines o sin fines de tesis) a partir de un trabajo en equipo con el jefe de la secretaria acad\u00e9mica, jefe de la unidad de investigaci\u00f3n e innovaci\u00f3n, docentes de Pr\u00e1ctica e investigaci\u00f3n, quienes deber\u00e1 tener actualizada el repositorio digital de la EESPP \u201cLa Salle\u201d<\/li><li>Designar a los docentes responsables de dictaminar, asesorar y evaluar los trabajos de investigaci\u00f3n e innovaci\u00f3n.<\/li><li>Otras funciones que le sean asignadas por la Direcci\u00f3n General de la Escuela.<\/li><\/ul>\t\t\t\t\t\t\t\t<\/div>\n\t\t\t\t<\/div>\n\t\t\t\t\t<\/div>\n\t\t<\/div>\n\t\t\t\t\t<\/div>\n\t\t<\/section>\n\t\t\t\t<\/div>\n\t\t","protected":false},"excerpt":{"rendered":"<p class=\"tx-excerpt\">Unidad Academica la Unidad Acad\u00e9mica, es propuesto por la Congregaci\u00f3n de La Salle. Depende del Director General y tienen bajo su responsabilidad la<div class=\"tx-read-more\"><a href=\"https:\/\/pedagogicolasalleurubamba.edu.pe\/salle\/unidad-academica\/\">Seguir Leyendo<\/a><\/div>","protected":false},"author":13,"featured_media":0,"parent":0,"menu_order":0,"comment_status":"closed","ping_status":"closed","template":"","meta":{"footnotes":""},"class_list":["post-4986","page","type-page","status-publish","hentry"],"_links":{"self":[{"href":"https:\/\/pedagogicolasalleurubamba.edu.pe\/salle\/wp-json\/wp\/v2\/pages\/4986","targetHints":{"allow":["GET"]}}],"collection":[{"href":"https:\/\/pedagogicolasalleurubamba.edu.pe\/salle\/wp-json\/wp\/v2\/pages"}],"about":[{"href":"https:\/\/pedagogicolasalleurubamba.edu.pe\/salle\/wp-json\/wp\/v2\/types\/page"}],"author":[{"embeddable":true,"href":"https:\/\/pedagogicolasalleurubamba.edu.pe\/salle\/wp-json\/wp\/v2\/users\/13"}],"replies":[{"embeddable":true,"href":"https:\/\/pedagogicolasalleurubamba.edu.pe\/salle\/wp-json\/wp\/v2\/comments?post=4986"}],"version-history":[{"count":3,"href":"https:\/\/pedagogicolasalleurubamba.edu.pe\/salle\/wp-json\/wp\/v2\/pages\/4986\/revisions"}],"predecessor-version":[{"id":4989,"href":"https:\/\/pedagogicolasalleurubamba.edu.pe\/salle\/wp-json\/wp\/v2\/pages\/4986\/revisions\/4989"}],"wp:attachment":[{"href":"https:\/\/pedagogicolasalleurubamba.edu.pe\/salle\/wp-json\/wp\/v2\/media?parent=4986"}],"curies":[{"name":"wp","href":"https:\/\/api.w.org\/{rel}","templated":true}]}}